{"id":208269,"date":"2020-11-09T16:43:07","date_gmt":"2020-11-09T16:43:07","guid":{"rendered":"https:\/\/www.protesegecu.com\/?post_type=project&#038;p=208269"},"modified":"2024-06-17T16:52:05","modified_gmt":"2024-06-17T16:52:05","slug":"chaqueta-forestal-para-bomberos","status":"publish","type":"project","link":"https:\/\/www.protesegecu.com\/?project=chaqueta-forestal-para-bomberos","title":{"rendered":"Chaqueta Forestal Para Bomberos"},"content":{"rendered":"<p>[et_pb_section fb_built=\u00bb1&#8243; specialty=\u00bbon\u00bb _builder_version=\u00bb4.16&#8243; background_color=\u00bb#ffffff\u00bb use_background_color_gradient=\u00bbon\u00bb background_color_gradient_direction=\u00bb90deg\u00bb background_color_gradient_stops=\u00bb#ffffff 0%|rgba(255,255,255,0) 100%\u00bb background_color_gradient_overlays_image=\u00bbon\u00bb background_color_gradient_start=\u00bb#ffffff\u00bb background_color_gradient_end=\u00bbrgba(255,255,255,0)\u00bb background_image=\u00bbhttps:\/\/www.protesegecu.com\/wp-content\/uploads\/2020\/06\/fondo-blanco-scaled.jpg\u00bb custom_padding=\u00bb0px||1px||false|false\u00bb box_shadow_horizontal_tablet=\u00bb0vw\u00bb box_shadow_horizontal_phone=\u00bb0vw\u00bb box_shadow_horizontal_last_edited=\u00bbon|tablet\u00bb global_colors_info=\u00bb{}\u00bb][et_pb_column type=\u00bb1_2&#8243; _builder_version=\u00bb4.16&#8243; custom_padding=\u00bb|||\u00bb global_colors_info=\u00bb{}\u00bb custom_padding__hover=\u00bb|||\u00bb][et_pb_image src=\u00bbhttps:\/\/www.protesegecu.com\/wp-content\/uploads\/2020\/11\/chaqueta1okkk.png\u00bb _builder_version=\u00bb4.16&#8243; global_colors_info=\u00bb{}\u00bb][\/et_pb_image][et_pb_image src=\u00bbhttps:\/\/www.protesegecu.com\/wp-content\/uploads\/2020\/11\/chaqueta4.png\u00bb _builder_version=\u00bb4.16&#8243; global_colors_info=\u00bb{}\u00bb][\/et_pb_image][\/et_pb_column][et_pb_column type=\u00bb1_2&#8243; specialty_columns=\u00bb2&#8243; _builder_version=\u00bb4.16&#8243; custom_padding=\u00bb|||\u00bb global_colors_info=\u00bb{}\u00bb custom_padding__hover=\u00bb|||\u00bb][et_pb_row_inner _builder_version=\u00bb4.16&#8243; custom_padding=\u00bb62px||4px|||\u00bb global_colors_info=\u00bb{}\u00bb][et_pb_column_inner saved_specialty_column_type=\u00bb1_2&#8243; _builder_version=\u00bb4.16&#8243; global_colors_info=\u00bb{}\u00bb][et_pb_text _builder_version=\u00bb4.16&#8243; text_font=\u00bb||||||||\u00bb text_font_size=\u00bb29px\u00bb header_font=\u00bbOverpass|900|||||||\u00bb header_font_size=\u00bb32px\u00bb background_layout=\u00bbdark\u00bb width=\u00bb100%\u00bb custom_margin=\u00bb||-2px|||\u00bb custom_padding=\u00bb6px|24px||2px||\u00bb text_font_size_tablet=\u00bb\u00bb text_font_size_phone=\u00bb22px\u00bb text_font_size_last_edited=\u00bbon|phone\u00bb text_letter_spacing_tablet=\u00bb\u00bb text_letter_spacing_phone=\u00bb0px\u00bb text_letter_spacing_last_edited=\u00bbon|phone\u00bb text_line_height_tablet=\u00bb\u00bb text_line_height_phone=\u00bb1.7em\u00bb text_line_height_last_edited=\u00bbon|phone\u00bb header_font_size_tablet=\u00bb54px\u00bb header_font_size_phone=\u00bb40px\u00bb header_font_size_last_edited=\u00bbon|phone\u00bb header_line_height_tablet=\u00bb\u00bb header_line_height_phone=\u00bb1.4em\u00bb header_line_height_last_edited=\u00bbon|phone\u00bb text_orientation_tablet=\u00bb\u00bb text_orientation_phone=\u00bbcenter\u00bb text_orientation_last_edited=\u00bbon|phone\u00bb global_colors_info=\u00bb{}\u00bb]<\/p>\n<h1 id=\"fx-page-title\" itemprop=\"name\"><span style=\"color: #000000;\">Chaqueta Ign\u00edfuga <span style=\"color: #e02b20;\">Vallfirest<\/span> para Bombero Forestal.<\/span><\/h1>\n<p><span color=\"#000000\" style=\"color: #000000;\"><\/span><\/p>\n<p>[\/et_pb_text][et_pb_text _builder_version=\u00bb4.16&#8243; text_font=\u00bb||||||||\u00bb text_font_size=\u00bb16px\u00bb text_line_height=\u00bb2.2em\u00bb custom_margin=\u00bb||4px|||\u00bb global_colors_info=\u00bb{}\u00bb]<\/p>\n<p><span style=\"color: #000000;\"><span style=\"font-size: 16px;\"><\/span><\/span><\/p>\n<p>Fabricada con materiales de gran calidad,<strong> la\u00a0chaqueta bombero forestal de 1 capa<\/strong> <strong>simple\u00a0<\/strong>es una prenda c\u00f3moda y ligera, con un\u00a0<strong>elevado nivel de protecci\u00f3n<\/strong>\u00a0gracias a las propiedades ign\u00edfugas del tejido. Costuras elaboradas \u00edntegramente con hilo NOMEX\u00ae aumentando la resistencia de la pieza a los roces y el desgaste propios de los medios forestales. Protege contra el arco el\u00e9ctrico (antiest\u00e1tica), frente a la llama, desgarro, tracci\u00f3n y abrasi\u00f3n.\u00a0<\/p>\n<p><strong>Normativas<\/strong>:\u00a0EN ISO 13688\/13, EN ISO 11612\/15, EN ISO 1149-5\/08,\u00a0EN ISO 15614\/07 y EN ISO 15384\/20.<\/p>\n<p>&nbsp;<\/p>\n<p>&nbsp;<\/p>\n<p>&nbsp;<\/p>\n<p>[\/et_pb_text][\/et_pb_column_inner][\/et_pb_row_inner][et_pb_row_inner column_structure=\u00bb1_2,1_2&#8243; _builder_version=\u00bb4.16&#8243; custom_margin=\u00bb-5px|||||\u00bb global_colors_info=\u00bb{}\u00bb][et_pb_column_inner type=\u00bb1_2&#8243; saved_specialty_column_type=\u00bb1_2&#8243; _builder_version=\u00bb4.16&#8243; global_colors_info=\u00bb{}\u00bb][et_pb_button button_url=\u00bbhttps:\/\/wa.me\/message\/ACUKX3RFZWQQM1&#8243; url_new_window=\u00bbon\u00bb button_text=\u00bbContactar\u00bb button_alignment=\u00bbleft\u00bb _builder_version=\u00bb4.25.2&#8243; custom_button=\u00bbon\u00bb button_text_size=\u00bb14px\u00bb button_text_color=\u00bb#ffffff\u00bb button_bg_color=\u00bb#00305b\u00bb button_border_width=\u00bb0px\u00bb button_border_radius=\u00bb100px\u00bb button_font=\u00bbOverpass|900||on|||||\u00bb button_use_icon=\u00bboff\u00bb custom_padding=\u00bb20px|30px|20px|30px|true|true\u00bb locked=\u00bboff\u00bb global_colors_info=\u00bb{}\u00bb box_shadow_color__hover=\u00bb#2585b2&#8243; box_shadow_blur__hover_enabled=\u00bbon\u00bb box_shadow_blur__hover=\u00bb20px\u00bb box_shadow_vertical__hover_enabled=\u00bbon\u00bb box_shadow_vertical__hover=\u00bb10px\u00bb button_text_size__hover_enabled=\u00bboff\u00bb button_text_color__hover_enabled=\u00bboff\u00bb button_bg_color__hover=\u00bb#4159a0&#8243; button_bg_color__hover_enabled=\u00bbon\u00bb button_border_width__hover_enabled=\u00bboff\u00bb button_border_radius__hover_enabled=\u00bboff\u00bb button_border_color__hover_enabled=\u00bboff\u00bb button_letter_spacing__hover_enabled=\u00bboff\u00bb][\/et_pb_button][\/et_pb_column_inner][et_pb_column_inner type=\u00bb1_2&#8243; saved_specialty_column_type=\u00bb1_2&#8243; _builder_version=\u00bb4.16&#8243; global_colors_info=\u00bb{}\u00bb][\/et_pb_column_inner][\/et_pb_row_inner][\/et_pb_column][\/et_pb_section][et_pb_section fb_built=\u00bb1&#8243; _builder_version=\u00bb4.16&#8243; global_colors_info=\u00bb{}\u00bb][et_pb_row _builder_version=\u00bb4.16&#8243; custom_padding=\u00bb||0px|||\u00bb global_colors_info=\u00bb{}\u00bb][et_pb_column type=\u00bb4_4&#8243; _builder_version=\u00bb4.16&#8243; global_colors_info=\u00bb{}\u00bb][et_pb_text _builder_version=\u00bb4.18.0&#8243; text_font=\u00bbArial||||||||\u00bb custom_margin=\u00bb||10px|||\u00bb inline_fonts=\u00bbOpen Sans,Arial\u00bb global_colors_info=\u00bb{}\u00bb]<\/p>\n<h2><span style=\"font-family: Arial; font-weight: normal;\"><strong>Descripci\u00f3n y detalle del producto:<\/strong><\/span><\/h2>\n<p>[\/et_pb_text][et_pb_text _builder_version=\u00bb4.16&#8243; link_option_url=\u00bbhttps:\/\/safetysourcellc.com\/product_images\/PDF\/RWG533.pdf\u00bb link_option_url_new_window=\u00bbon\u00bb global_colors_info=\u00bb{}\u00bb]<\/p>\n<div class=\"titles3 titles--black\">\n<div class=\"title\">\n<div class=\"titles3 titles--black\">\n<div class=\"title\"><strong>Aislamiento t\u00e9rmico<\/strong><\/div>\n<div class=\"subtitle\"><\/div>\n<\/div>\n<p>Tejido a base de fibras de NOMEX\u00ae, LENZING\u00ae F.R. y KEVLAR\u00ae de 270 gr\/cm3 para un perfecto aislamiento t\u00e9rmico y protecci\u00f3n frente a la radiaci\u00f3n. Cuello sobreelevado en la parte posterior para resguardar la nuca.\u00a0<\/p>\n<div class=\"titles3 titles--black\">\n<div class=\"title\"><strong>Mayor protecci\u00f3n y resistencia<\/strong><\/div>\n<div class=\"subtitle\"><\/div>\n<\/div>\n<p>Gran resistencia antiest\u00e1tica, frente a la llama, desgarro, tracci\u00f3n y abrasi\u00f3n gracias a sus costuras elaboradas en NOMEX\u00ae.\u00a0Pu\u00f1os ajustables con velcro\u00ae ign\u00edfugo. Cremallera central de apertura r\u00e1pida de seguridad y sistema abre f\u00e1cil. Incluye velcro\u00ae para identificaci\u00f3n en el pecho.<\/p>\n<div class=\"titles3 titles--black\">\n<div class=\"title\"><strong>Reflectantes<\/strong><\/div>\n<div class=\"subtitle\"><\/div>\n<\/div>\n<p>Bandas reflectantes de alta visibilidad en el frontal de la chaqueta, en los brazos y a lo ancho de la espalda, para una posici\u00f3n visible en el terreno a 360\u00ba.<\/p>\n<div class=\"titles3 titles--black\">\n<div class=\"title\"><strong>Bolsillos<\/strong><\/div>\n<div class=\"subtitle\"><\/div>\n<\/div>\n<p>4 bolsillos frontales con solapa sobredimensionada para una apertura f\u00e1cil con guantes.<\/p>\n<p>Bolsillo frontal izquierdo adaptado para emisoras port\u00e1tiles.<\/p>\n<p>Argolla de enganche para petate de emisora a la altura del hombro.<\/p>\n<\/div>\n<\/div>\n<p><span style=\"color: rgba(255, 255, 255, 0);\"><\/span><\/p>\n<p>[\/et_pb_text][\/et_pb_column][\/et_pb_row][\/et_pb_section][et_pb_section fb_built=\u00bb1&#8243; fullwidth=\u00bbon\u00bb _builder_version=\u00bb4.18.0&#8243; _module_preset=\u00bbdefault\u00bb global_colors_info=\u00bb{}\u00bb][et_pb_fullwidth_image src=\u00bbhttps:\/\/www.protesegecu.com\/wp-content\/uploads\/2022\/09\/Chaqueta-Igni\u0301fuga-para-Bombero-Forestal-ecuador.png\u00bb title_text=\u00bbChaqueta Igni\u0301fuga para Bombero Forestal ecuador\u00bb _builder_version=\u00bb4.18.0&#8243; _module_preset=\u00bbdefault\u00bb global_colors_info=\u00bb{}\u00bb][\/et_pb_fullwidth_image][\/et_pb_section][et_pb_section fb_built=\u00bb1&#8243; fullwidth=\u00bbon\u00bb _builder_version=\u00bb4.18.0&#8243; _module_preset=\u00bbdefault\u00bb global_colors_info=\u00bb{}\u00bb][et_pb_fullwidth_image src=\u00bbhttps:\/\/www.protesegecu.com\/wp-content\/uploads\/2022\/09\/Chaqueta-Igni\u0301fuga-para-Bombero-Forestal..png\u00bb title_text=\u00bbChaqueta Igni\u0301fuga para Bombero Forestal.\u00bb _builder_version=\u00bb4.18.0&#8243; _module_preset=\u00bbdefault\u00bb global_colors_info=\u00bb{}\u00bb][\/et_pb_fullwidth_image][\/et_pb_section][et_pb_section fb_built=\u00bb1&#8243; _builder_version=\u00bb4.4.3&#8243; global_module=\u00bb207882&#8243; saved_tabs=\u00bball\u00bb global_colors_info=\u00bb{}\u00bb][et_pb_row _builder_version=\u00bb4.16&#8243; global_colors_info=\u00bb{}\u00bb][et_pb_column type=\u00bb4_4&#8243; _builder_version=\u00bb4.16&#8243; global_colors_info=\u00bb{}\u00bb][et_pb_text _builder_version=\u00bb4.16&#8243; text_font=\u00bb||||||||\u00bb header_font=\u00bb||||||||\u00bb header_2_font=\u00bbMontserrat|300|||||||\u00bb header_2_font_size=\u00bb42px\u00bb header_2_line_height=\u00bb1.5em\u00bb header_4_font=\u00bbMontserrat|500||on|||||\u00bb header_4_text_color=\u00bb#ef6f49&#8243; header_4_font_size=\u00bb11px\u00bb header_4_letter_spacing=\u00bb3px\u00bb max_width=\u00bb700px\u00bb header_2_font_size_tablet=\u00bb32px\u00bb header_2_font_size_phone=\u00bb24px\u00bb header_2_font_size_last_edited=\u00bbon|phone\u00bb locked=\u00bboff\u00bb global_colors_info=\u00bb{}\u00bb]<\/p>\n<h2>Otros Productos<\/h2>\n<p>[\/et_pb_text][et_pb_filterable_portfolio fullwidth=\u00bboff\u00bb posts_number=\u00bb8&#8243; include_categories=\u00bb59,14&#8243; _builder_version=\u00bb4.18.0&#8243; global_colors_info=\u00bb{}\u00bb][\/et_pb_filterable_portfolio][et_pb_button button_url=\u00bbhttps:\/\/www.protesegecu.com\/?page_id=207866&#8243; button_text=\u00bbVer todos los Producto\u00bb button_alignment=\u00bbcenter\u00bb _builder_version=\u00bb4.18.0&#8243; custom_button=\u00bbon\u00bb button_text_size=\u00bb14px\u00bb button_text_color=\u00bb#ffffff\u00bb button_bg_color=\u00bb#00305b\u00bb button_border_width=\u00bb0px\u00bb button_border_radius=\u00bb100px\u00bb button_font=\u00bbOverpass|900||on|||||\u00bb button_use_icon=\u00bboff\u00bb custom_padding=\u00bb20px|30px|20px|30px|true|true\u00bb box_shadow_style=\u00bbpreset1&#8243; box_shadow_spread=\u00bb-7px\u00bb box_shadow_color=\u00bb#000000&#8243; button_bg_color_hover=\u00bb#4159a0&#8243; locked=\u00bboff\u00bb global_colors_info=\u00bb{}\u00bb button_text_size__hover_enabled=\u00bboff\u00bb button_one_text_size__hover_enabled=\u00bboff\u00bb button_two_text_size__hover_enabled=\u00bboff\u00bb button_text_color__hover_enabled=\u00bboff\u00bb button_one_text_color__hover_enabled=\u00bboff\u00bb button_two_text_color__hover_enabled=\u00bboff\u00bb button_border_width__hover_enabled=\u00bboff\u00bb button_one_border_width__hover_enabled=\u00bboff\u00bb button_two_border_width__hover_enabled=\u00bboff\u00bb button_border_color__hover_enabled=\u00bboff\u00bb button_one_border_color__hover_enabled=\u00bboff\u00bb button_two_border_color__hover_enabled=\u00bboff\u00bb button_border_radius__hover_enabled=\u00bboff\u00bb button_one_border_radius__hover_enabled=\u00bboff\u00bb button_two_border_radius__hover_enabled=\u00bboff\u00bb button_letter_spacing__hover_enabled=\u00bboff\u00bb button_one_letter_spacing__hover_enabled=\u00bboff\u00bb button_two_letter_spacing__hover_enabled=\u00bboff\u00bb button_bg_color__hover_enabled=\u00bbon\u00bb button_bg_color__hover=\u00bb#4159a0&#8243; button_one_bg_color__hover_enabled=\u00bboff\u00bb button_two_bg_color__hover_enabled=\u00bboff\u00bb box_shadow_vertical__hover=\u00bb10px\u00bb box_shadow_vertical__hover_enabled=\u00bbon\u00bb box_shadow_blur__hover=\u00bb20px\u00bb box_shadow_blur__hover_enabled=\u00bbon\u00bb box_shadow_color__hover=\u00bb#2585b2&#8243;][\/et_pb_button][\/et_pb_column][\/et_pb_row][\/et_pb_section][et_pb_section fb_built=\u00bb1&#8243; admin_label=\u00bbFooter\u00bb module_id=\u00bbcontacto\u00bb _builder_version=\u00bb4.18.0&#8243; use_background_color_gradient=\u00bbon\u00bb background_color_gradient_direction=\u00bb64deg\u00bb background_color_gradient_stops=\u00bbrgba(0,0,0,0.7) 24%|rgba(0,0,0,0) 100%\u00bb background_color_gradient_overlays_image=\u00bbon\u00bb background_color_gradient_start=\u00bbrgba(0,0,0,0.7)\u00bb background_color_gradient_start_position=\u00bb24%\u00bb background_color_gradient_end=\u00bbrgba(0,0,0,0)\u00bb background_image=\u00bbhttps:\/\/www.protesegecu.com\/wp-content\/uploads\/2022\/08\/VILLFIREST_fotos-13-scaled.jpg\u00bb custom_padding=\u00bb0px||50px||false|false\u00bb background_color_gradient_stops_tablet=\u00bbrgba(0,0,0,0.7) 24%|rgba(0,0,0,0) 100%\u00bb background_color_gradient_stops_phone=\u00bbrgba(0,0,0,0.7) 24%|rgba(0,0,0,0) 100%\u00bb global_module=\u00bb207812&#8243; saved_tabs=\u00bball\u00bb locked=\u00bboff\u00bb global_colors_info=\u00bb{}\u00bb][et_pb_row _builder_version=\u00bb4.16&#8243; _module_preset=\u00bbdefault\u00bb global_colors_info=\u00bb{}\u00bb][et_pb_column type=\u00bb4_4&#8243; _builder_version=\u00bb4.16&#8243; _module_preset=\u00bbdefault\u00bb global_colors_info=\u00bb{}\u00bb][et_pb_button button_url=\u00bbhttps:\/\/wa.me\/message\/ACUKX3RFZWQQM1&#8243; url_new_window=\u00bbon\u00bb button_text=\u00bbContactar de Inmediato \u00bb button_alignment=\u00bbcenter\u00bb _builder_version=\u00bb4.18.0&#8243; _module_preset=\u00bbdefault\u00bb custom_button=\u00bbon\u00bb button_text_size=\u00bb28px\u00bb button_text_color=\u00bb#FFFFFF\u00bb button_bg_color=\u00bb#000000&#8243; background_layout=\u00bbdark\u00bb animation_style=\u00bbfade\u00bb global_colors_info=\u00bb{}\u00bb][\/et_pb_button][\/et_pb_column][\/et_pb_row][et_pb_row column_structure=\u00bb1_2,1_2&#8243; _builder_version=\u00bb4.18.0&#8243; _module_preset=\u00bbdefault\u00bb global_colors_info=\u00bb{}\u00bb][et_pb_column type=\u00bb1_2&#8243; _builder_version=\u00bb4.18.0&#8243; _module_preset=\u00bbdefault\u00bb global_colors_info=\u00bb{}\u00bb][et_pb_text _builder_version=\u00bb4.18.0&#8243; _module_preset=\u00bbdefault\u00bb text_font=\u00bbArial||||||||\u00bb text_text_color=\u00bb#FFFFFF\u00bb text_font_size=\u00bb16px\u00bb global_colors_info=\u00bb{}\u00bb]<\/p>\n<h1 style=\"text-align: center;\"><span style=\"color: #ffffff;\"><strong>Direcci\u00f3n<\/strong><\/span><\/h1>\n<p style=\"text-align: center;\">Calle sin retorno y Gonzales Suarez Urbanizaci\u00f3n Martina 2<\/p>\n<p style=\"text-align: center;\">Cuenca-Ecuador<\/p>\n<p>[\/et_pb_text][\/et_pb_column][et_pb_column type=\u00bb1_2&#8243; _builder_version=\u00bb4.18.0&#8243; _module_preset=\u00bbdefault\u00bb global_colors_info=\u00bb{}\u00bb][et_pb_text _builder_version=\u00bb4.18.0&#8243; _module_preset=\u00bbdefault\u00bb text_font=\u00bbArial||||||||\u00bb text_text_color=\u00bb#FFFFFF\u00bb text_font_size=\u00bb16px\u00bb global_colors_info=\u00bb{}\u00bb]<\/p>\n<h1 style=\"text-align: center;\"><span style=\"color: #ffffff;\"><strong>T\u00e9lefono<\/strong><\/span><\/h1>\n<p style=\"text-align: center;\">0993375731 &#8211; 072867211<\/p>\n<p>[\/et_pb_text][\/et_pb_column][\/et_pb_row][et_pb_row custom_padding_last_edited=\u00bbon|phone\u00bb _builder_version=\u00bb4.18.0&#8243; background_color=\u00bbRGBA(255,255,255,0)\u00bb custom_padding=\u00bb48px|70px|48px|70px|true|true\u00bb custom_padding_tablet=\u00bb50px|50px|50px|50px|true|true\u00bb custom_padding_phone=\u00bb40px|40px|40px|40px|true|true\u00bb locked=\u00bboff\u00bb global_colors_info=\u00bb{}\u00bb][et_pb_column type=\u00bb4_4&#8243; _builder_version=\u00bb4.18.0&#8243; global_colors_info=\u00bb{}\u00bb][et_pb_text _builder_version=\u00bb4.22.0&#8243; text_font=\u00bbArial|800|||||||\u00bb text_text_color=\u00bb#000000&#8243; text_font_size=\u00bb1px\u00bb text_line_height=\u00bb1.8em\u00bb link_font=\u00bb||||on||||\u00bb header_font=\u00bbArial||||||||\u00bb header_font_size=\u00bb37px\u00bb header_4_font=\u00bbMerriweather||||||||\u00bb header_4_text_color=\u00bb#e94558&#8243; header_4_line_height=\u00bb1.8em\u00bb text_orientation=\u00bbcenter\u00bb text_font_size_tablet=\u00bb18px\u00bb text_font_size_phone=\u00bb16px\u00bb text_font_size_last_edited=\u00bbon|desktop\u00bb header_4_font_size_tablet=\u00bb20px\u00bb header_4_font_size_phone=\u00bb16px\u00bb header_4_font_size_last_edited=\u00bboff|desktop\u00bb locked=\u00bboff\u00bb global_colors_info=\u00bb{}\u00bb]<\/p>\n<h2><span style=\"font-size: medium;\"><strong><span style=\"color: #ffffff;\">E-mail<\/span><\/strong><\/span><\/h2>\n<p><span style=\"font-size: medium; color: #ffffff;\"><a href=\"mailto:protesegventas@gmail.com\" style=\"color: #ffffff;\">marketing@protesegecu.com<\/a><\/span><\/p>\n<p>[\/et_pb_text][\/et_pb_column][\/et_pb_row][et_pb_row _builder_version=\u00bb4.18.0&#8243; locked=\u00bboff\u00bb global_colors_info=\u00bb{}\u00bb][et_pb_column type=\u00bb4_4&#8243; _builder_version=\u00bb4.16&#8243; global_colors_info=\u00bb{}\u00bb][et_pb_text _builder_version=\u00bb4.16&#8243; text_font=\u00bbArial||||||||\u00bb header_4_font=\u00bbOswald|500||on|||||\u00bb header_4_text_color=\u00bbrgba(255,255,255,0.5)\u00bb header_4_font_size=\u00bb14px\u00bb header_4_line_height=\u00bb1.4em\u00bb background_layout=\u00bbdark\u00bb max_width=\u00bb600px\u00bb locked=\u00bboff\u00bb global_colors_info=\u00bb{}\u00bb]<\/p>\n<h4>Social<\/h4>\n<p>[\/et_pb_text][et_pb_social_media_follow follow_button=\u00bbon\u00bb _builder_version=\u00bb4.18.0&#8243; border_radii=\u00bbon|50px|50px|50px|50px\u00bb global_colors_info=\u00bb{}\u00bb][et_pb_social_media_follow_network social_network=\u00bbfacebook\u00bb url=\u00bbhttps:\/\/www.facebook.com\/protesegecu\/?ref=py_c\u00bb _builder_version=\u00bb4.18.0&#8243; background_color=\u00bbrgba(255,255,255,0.2)\u00bb background_enable_color=\u00bbon\u00bb custom_padding=\u00bb5px|5px|5px|5px|true|true\u00bb global_colors_info=\u00bb{}\u00bb follow_button=\u00bbon\u00bb url_new_window=\u00bbon\u00bb]facebook[\/et_pb_social_media_follow_network][et_pb_social_media_follow_network social_network=\u00bbinstagram\u00bb url=\u00bbhttps:\/\/www.instagram.com\/protesegecu\/?hl=es-la\u00bb _builder_version=\u00bb4.18.0&#8243; background_color=\u00bbrgba(255,255,255,0.2)\u00bb background_enable_color=\u00bbon\u00bb custom_padding=\u00bb5px|5px|5px|5px|true|true\u00bb global_colors_info=\u00bb{}\u00bb follow_button=\u00bbon\u00bb url_new_window=\u00bbon\u00bb]instagram[\/et_pb_social_media_follow_network][\/et_pb_social_media_follow][\/et_pb_column][\/et_pb_row][\/et_pb_section]<\/p>\n","protected":false},"excerpt":{"rendered":"<p>Chaqueta Ign\u00edfuga Vallfirest para Bombero Forestal. Fabricada con materiales de gran calidad, la\u00a0chaqueta bombero forestal de 1 capa simple\u00a0es una prenda c\u00f3moda y ligera, con un\u00a0elevado nivel de protecci\u00f3n\u00a0gracias a las propiedades ign\u00edfugas del tejido. Costuras elaboradas \u00edntegramente con hilo NOMEX\u00ae aumentando la resistencia de la pieza a los roces y el desgaste propios de [&hellip;]<\/p>\n","protected":false},"author":1,"featured_media":208270,"comment_status":"open","ping_status":"closed","template":"","meta":{"_et_pb_use_builder":"on","_et_pb_old_content":"","_et_gb_content_width":"","content-type":"","om_disable_all_campaigns":false,"_monsterinsights_skip_tracking":false,"_monsterinsights_sitenote_active":false,"_monsterinsights_sitenote_note":"","_monsterinsights_sitenote_category":0,"footnotes":""},"project_category":[14],"project_tag":[],"class_list":["post-208269","project","type-project","status-publish","has-post-thumbnail","hentry","project_category-proteccion-bomberos"],"aioseo_notices":[],"_links":{"self":[{"href":"https:\/\/www.protesegecu.com\/index.php?rest_route=\/wp\/v2\/project\/208269","targetHints":{"allow":["GET"]}}],"collection":[{"href":"https:\/\/www.protesegecu.com\/index.php?rest_route=\/wp\/v2\/project"}],"about":[{"href":"https:\/\/www.protesegecu.com\/index.php?rest_route=\/wp\/v2\/types\/project"}],"author":[{"embeddable":true,"href":"https:\/\/www.protesegecu.com\/index.php?rest_route=\/wp\/v2\/users\/1"}],"replies":[{"embeddable":true,"href":"https:\/\/www.protesegecu.com\/index.php?rest_route=%2Fwp%2Fv2%2Fcomments&post=208269"}],"version-history":[{"count":2,"href":"https:\/\/www.protesegecu.com\/index.php?rest_route=\/wp\/v2\/project\/208269\/revisions"}],"predecessor-version":[{"id":209380,"href":"https:\/\/www.protesegecu.com\/index.php?rest_route=\/wp\/v2\/project\/208269\/revisions\/209380"}],"wp:featuredmedia":[{"embeddable":true,"href":"https:\/\/www.protesegecu.com\/index.php?rest_route=\/wp\/v2\/media\/208270"}],"wp:attachment":[{"href":"https:\/\/www.protesegecu.com\/index.php?rest_route=%2Fwp%2Fv2%2Fmedia&parent=208269"}],"wp:term":[{"taxonomy":"project_category","embeddable":true,"href":"https:\/\/www.protesegecu.com\/index.php?rest_route=%2Fwp%2Fv2%2Fproject_category&post=208269"},{"taxonomy":"project_tag","embeddable":true,"href":"https:\/\/www.protesegecu.com\/index.php?rest_route=%2Fwp%2Fv2%2Fproject_tag&post=208269"}],"curies":[{"name":"wp","href":"https:\/\/api.w.org\/{rel}","templated":true}]}}